{"id":9458,"date":"2022-06-19T12:53:06","date_gmt":"2022-06-19T03:53:06","guid":{"rendered":"http:\/\/localhost\/doitarts\/?page_id=9458"},"modified":"2022-06-21T21:05:06","modified_gmt":"2022-06-21T12:05:06","slug":"conceitos-design","status":"publish","type":"page","link":"https:\/\/doitarts.com\/conceitos-design\/","title":{"rendered":"Conceitos em Design"},"content":{"rendered":"<p><div class=\"fusion-fullwidth fullwidth-box fusion-builder-row-1 fusion-flex-container nonhundred-percent-fullwidth non-hundred-percent-height-scrolling\" style=\"--awb-border-radius-top-left:0px;--awb-border-radius-top-right:0px;--awb-border-radius-bottom-right:0px;--awb-border-radius-bottom-left:0px;--awb-flex-wrap:wrap;\" ><div class=\"fusion-builder-row fusion-row fusion-flex-align-items-flex-start fusion-flex-content-wrap\" style=\"max-width:1248px;margin-left: calc(-4% \/ 2 );margin-right: calc(-4% \/ 2 );\"><div class=\"fusion-layout-column fusion_builder_column fusion-builder-column-0 fusion_builder_column_1_1 1_1 fusion-flex-column\" style=\"--awb-bg-size:cover;--awb-width-large:100%;--awb-margin-top-large:0px;--awb-spacing-right-large:1.92%;--awb-margin-bottom-large:20px;--awb-spacing-left-large:1.92%;--awb-width-medium:100%;--awb-order-medium:0;--awb-spacing-right-medium:1.92%;--awb-spacing-left-medium:1.92%;--awb-width-small:100%;--awb-order-small:0;--awb-spacing-right-small:1.92%;--awb-spacing-left-small:1.92%;\"><div class=\"fusion-column-wrapper fusion-column-has-shadow fusion-flex-justify-content-flex-start fusion-content-layout-column\"><div class=\"fusion-title title fusion-title-1 fusion-title-text fusion-title-size-two\" style=\"--awb-text-color:var(--awb-custom10);--awb-sep-color:var(--awb-custom10);\"><div class=\"title-sep-container title-sep-container-left fusion-no-large-visibility fusion-no-medium-visibility fusion-no-small-visibility\"><div class=\"title-sep sep-single sep-solid\" style=\"border-color:var(--awb-custom10);\"><\/div><\/div><span class=\"awb-title-spacer fusion-no-large-visibility fusion-no-medium-visibility fusion-no-small-visibility\"><\/span><h2 class=\"fusion-title-heading title-heading-left\" style=\"margin:0;\">Conceitos em Design<\/h2><span class=\"awb-title-spacer\"><\/span><div class=\"title-sep-container title-sep-container-right\"><div class=\"title-sep sep-single sep-solid\" style=\"border-color:var(--awb-custom10);\"><\/div><\/div><\/div><div class=\"fusion-text fusion-text-1 awb-text-cols fusion-text-columns-2\" style=\"--awb-columns:2;--awb-column-spacing:2em;--awb-column-min-width:100px;\"><p><a href=\"https:\/\/doitarts.com\/conceitos\/vamos-definir-o-que-e-design-2\/\">Design<\/a>, conceitos, <a href=\"https:\/\/doitarts.com\/tutorial\/\">tutoriais<\/a>, projetos, <a href=\"https:\/\/doitarts.com\/ferramentas\/\">ferramentas<\/a>, arte, cultura, comunica\u00e7\u00e3o, <a href=\"https:\/\/doitarts.com\/profissao\/\">profiss\u00e3o<\/a> e <a href=\"https:\/\/doitarts.com\/pensamentos\/robert-peters\/\">pensamentos<\/a> s\u00e3o os temas que norteiam nossos esfor\u00e7os em educar atrav\u00e9s do nosso website.<\/p>\n<\/div><\/div><\/div><\/div><\/div><div class=\"fusion-fullwidth fullwidth-box fusion-builder-row-2 fusion-flex-container nonhundred-percent-fullwidth non-hundred-percent-height-scrolling\" style=\"--awb-border-radius-top-left:0px;--awb-border-radius-top-right:0px;--awb-border-radius-bottom-right:0px;--awb-border-radius-bottom-left:0px;--awb-flex-wrap:wrap;\" ><div class=\"fusion-builder-row fusion-row fusion-flex-align-items-flex-start fusion-flex-content-wrap\" style=\"max-width:1248px;margin-left: calc(-4% \/ 2 );margin-right: calc(-4% \/ 2 );\"><div class=\"fusion-layout-column fusion_builder_column fusion-builder-column-1 fusion_builder_column_3_4 3_4 fusion-flex-column\" style=\"--awb-bg-size:cover;--awb-width-large:75%;--awb-margin-top-large:0px;--awb-spacing-right-large:2.56%;--awb-margin-bottom-large:20px;--awb-spacing-left-large:2.56%;--awb-width-medium:75%;--awb-order-medium:0;--awb-spacing-right-medium:2.56%;--awb-spacing-left-medium:2.56%;--awb-width-small:100%;--awb-order-small:0;--awb-spacing-right-small:1.92%;--awb-spacing-left-small:1.92%;\"><div class=\"fusion-column-wrapper fusion-column-has-shadow fusion-flex-justify-content-flex-start fusion-content-layout-column\"><div class=\"fusion-blog-shortcode fusion-blog-shortcode-1 fusion-blog-archive fusion-blog-layout-grid-wrapper fusion-blog-pagination\"><style type=\"text\/css\">.fusion-blog-shortcode-1 .fusion-blog-layout-grid .fusion-post-grid{padding:5px;}.fusion-blog-shortcode-1 .fusion-posts-container{margin-left: -5px !important; margin-right:-5px !important;}<\/style><div class=\"fusion-posts-container fusion-posts-container-pagination fusion-no-meta-info fusion-blog-rollover fusion-blog-layout-grid fusion-blog-layout-grid-3 isotope fusion-blog-equal-heights\" data-pages=\"9\" data-grid-col-space=\"10\" style=\"margin: -5px -5px 0;min-height:500px;\"><article id=\"blog-1-post-12309\" class=\"fusion-post-grid post-12309 post type-post status-publish format-standard has-post-thumbnail hentry category-fundamentos-do-design category-estudos-de-design tag-cores-no-design\">\n<div class=\"fusion-post-wrapper\" style=\"background-color:rgba(255,255,255,0);border:1px solid #f2f3f5;border-bottom-width:3px;\">\n\n\t\t\t<div class=\"fusion-flexslider flexslider fusion-flexslider-loading fusion-post-slideshow\" style=\"border-color:#f2f3f5;\">\n\t\t<ul class=\"slides\">\n\t\t\t\n\t\t\t\t\t\t\t\t\t\t\t\t\t\t<li><div  class=\"fusion-image-wrapper\" aria-haspopup=\"true\">\n\t\t\t\t<img decoding=\"async\" width=\"900\" height=\"506\" src=\"https:\/\/doitarts.com\/wp-content\/uploads\/2025\/05\/oImpactoDaCoresNoDesign.webp\" class=\"attachment-full size-full wp-post-image\" alt=\"Cores no Design\" srcset=\"https:\/\/doitarts.com\/wp-content\/uploads\/2025\/05\/oImpactoDaCoresNoDesign-200x112.webp 200w, https:\/\/doitarts.com\/wp-content\/uploads\/2025\/05\/oImpactoDaCoresNoDesign-400x225.webp 400w, https:\/\/doitarts.com\/wp-content\/uploads\/2025\/05\/oImpactoDaCoresNoDesign-600x337.webp 600w, https:\/\/doitarts.com\/wp-content\/uploads\/2025\/05\/oImpactoDaCoresNoDesign-800x450.webp 800w, https:\/\/doitarts.com\/wp-content\/uploads\/2025\/05\/oImpactoDaCoresNoDesign.webp 900w\" sizes=\"(min-width: 2200px) 100vw, (min-width: 784px) 393px, (min-width: 712px) 590px, (min-width: 640px) 712px, \" \/><div class=\"fusion-rollover\">\n\t<div class=\"fusion-rollover-content\">\n\n\t\t\t\t\t\t\t\t\t\t\t\t\t\t<a class=\"fusion-rollover-link\" href=\"https:\/\/doitarts.com\/fundamentos-do-design\/o-impacto-das-cores-no-design\/\">O Impacto das Cores no Design: Como as Cores Influenciam<\/a>\n\t\t\t\n\t\t\t\t\t\t\t\t\t\t\t\t\t\t\n\t\t\t\t\t\t\t\t\n\t\t\t\t\t\t\t\t\t\t\t\t\t<div class=\"fusion-rollover-sep\"><\/div>\n\t\t\t\t\n\t\t\t\t\t\t\t\t\t\t\t\t\t\t\t\t\t\t<a class=\"fusion-rollover-gallery\" href=\"https:\/\/doitarts.com\/wp-content\/uploads\/2025\/05\/oImpactoDaCoresNoDesign.webp\" data-options=\"\" data-id=\"12309\" data-rel=\"iLightbox[gallery]\" data-title=\"Cores no Design\" data-caption=\"\">\n\t\t\t\t\t\tGallery\t\t\t\t\t<\/a>\n\t\t\t\t\t\t\t\t\t\t\t\t\t\t\n\t\t\n\t\t\t\t\t\t\t\t\t\t\t\t<h4 class=\"fusion-rollover-title\">\n\t\t\t\t\t<a class=\"fusion-rollover-title-link\" href=\"https:\/\/doitarts.com\/fundamentos-do-design\/o-impacto-das-cores-no-design\/\">\n\t\t\t\t\t\tO Impacto das Cores no Design: Como as Cores Influenciam\t\t\t\t\t<\/a>\n\t\t\t\t<\/h4>\n\t\t\t\n\t\t\t\t\t\t\t\t\t\t<div class=\"fusion-rollover-categories\"><a href=\"https:\/\/doitarts.com\/design\/fundamentos-do-design\/\" rel=\"tag\">Fundamentos do Design<\/a>, <a href=\"https:\/\/doitarts.com\/design\/fundamentos-do-design\/estudos-de-design\/\" rel=\"tag\">Estudos de Design<\/a><\/div>\t\t\t\t\t\n\t\t\n\t\t\t\t\t\t<a class=\"fusion-link-wrapper\" href=\"https:\/\/doitarts.com\/fundamentos-do-design\/o-impacto-das-cores-no-design\/\" aria-label=\"O Impacto das Cores no Design: Como as Cores Influenciam\"><\/a>\n\t<\/div>\n<\/div>\n<\/div>\n<\/li>\n\t\t\t\n\t\t\t\n\t\t\t\t\t\t\t\t\t\t\t\t\t\t\t\t\t\t\t\t\t\t\t\t\t\t\t\t\t\t\t\t\t\t\t\t\t\t\t\t\t\t\t\t\t\t\t\t\t\t\t\t\t\t\t\t\t\t\t\t\t\t\t\t\t\t\t\t<\/ul>\n\t<\/div>\n\t<div class=\"fusion-post-content-wrapper\" style=\"padding:30px 25px 25px 25px;\"><div class=\"fusion-post-content post-content\"><h2 class=\"blog-shortcode-post-title entry-title\"><a href=\"https:\/\/doitarts.com\/fundamentos-do-design\/o-impacto-das-cores-no-design\/\">O Impacto das Cores no Design: Como as Cores Influenciam<\/a><\/h2><div class=\"fusion-post-content-container\"><p>Cores no Design: Por que algumas marcas grudam na nossa [...]<\/p><\/div><\/div><\/div><div class=\"fusion-clearfix\"><\/div><\/div>\n<\/article>\n<article id=\"blog-1-post-12239\" class=\"fusion-post-grid post-12239 post type-post status-publish format-standard has-post-thumbnail hentry category-blog category-dicas-e-tutoriais category-fundamentos-do-design tag-design-grafico tag-era-digital tag-evolucao-do-design\">\n<div class=\"fusion-post-wrapper\" style=\"background-color:rgba(255,255,255,0);border:1px solid #f2f3f5;border-bottom-width:3px;\">\n\n\t\t\t<div class=\"fusion-flexslider flexslider fusion-flexslider-loading fusion-post-slideshow\" style=\"border-color:#f2f3f5;\">\n\t\t<ul class=\"slides\">\n\t\t\t\n\t\t\t\t\t\t\t\t\t\t\t\t\t\t<li><div  class=\"fusion-image-wrapper\" aria-haspopup=\"true\">\n\t\t\t\t<img decoding=\"async\" width=\"900\" height=\"506\" src=\"https:\/\/doitarts.com\/wp-content\/uploads\/2025\/02\/Design-Grafico.webp\" class=\"attachment-full size-full wp-post-image\" alt=\"Design Gr\u00e1fico\" srcset=\"https:\/\/doitarts.com\/wp-content\/uploads\/2025\/02\/Design-Grafico-200x112.webp 200w, https:\/\/doitarts.com\/wp-content\/uploads\/2025\/02\/Design-Grafico-400x225.webp 400w, https:\/\/doitarts.com\/wp-content\/uploads\/2025\/02\/Design-Grafico-600x337.webp 600w, https:\/\/doitarts.com\/wp-content\/uploads\/2025\/02\/Design-Grafico-800x450.webp 800w, https:\/\/doitarts.com\/wp-content\/uploads\/2025\/02\/Design-Grafico.webp 900w\" sizes=\"(min-width: 2200px) 100vw, (min-width: 784px) 393px, (min-width: 712px) 590px, (min-width: 640px) 712px, \" \/><div class=\"fusion-rollover\">\n\t<div class=\"fusion-rollover-content\">\n\n\t\t\t\t\t\t\t\t\t\t\t\t\t\t<a class=\"fusion-rollover-link\" href=\"https:\/\/doitarts.com\/fundamentos-do-design\/design-grafico-do-digital-ao-impacto-na-sociedade\/\">Design Gr\u00e1fico: do digital ao impacto na sociedade<\/a>\n\t\t\t\n\t\t\t\t\t\t\t\t\t\t\t\t\t\t\n\t\t\t\t\t\t\t\t\n\t\t\t\t\t\t\t\t\t\t\t\t\t<div class=\"fusion-rollover-sep\"><\/div>\n\t\t\t\t\n\t\t\t\t\t\t\t\t\t\t\t\t\t\t\t\t\t\t<a class=\"fusion-rollover-gallery\" href=\"https:\/\/doitarts.com\/wp-content\/uploads\/2025\/02\/Design-Grafico.webp\" data-options=\"\" data-id=\"12239\" data-rel=\"iLightbox[gallery]\" data-title=\"Design Gr\u00e1fico\" data-caption=\"\">\n\t\t\t\t\t\tGallery\t\t\t\t\t<\/a>\n\t\t\t\t\t\t\t\t\t\t\t\t\t\t\n\t\t\n\t\t\t\t\t\t\t\t\t\t\t\t<h4 class=\"fusion-rollover-title\">\n\t\t\t\t\t<a class=\"fusion-rollover-title-link\" href=\"https:\/\/doitarts.com\/fundamentos-do-design\/design-grafico-do-digital-ao-impacto-na-sociedade\/\">\n\t\t\t\t\t\tDesign Gr\u00e1fico: do digital ao impacto na sociedade\t\t\t\t\t<\/a>\n\t\t\t\t<\/h4>\n\t\t\t\n\t\t\t\t\t\t\t\t\t\t<div class=\"fusion-rollover-categories\"><a href=\"https:\/\/doitarts.com\/design\/blog\/\" rel=\"tag\">Blog<\/a>, <a href=\"https:\/\/doitarts.com\/design\/dicas-e-tutoriais\/\" rel=\"tag\">Dicas e Tutoriais<\/a>, <a href=\"https:\/\/doitarts.com\/design\/fundamentos-do-design\/\" rel=\"tag\">Fundamentos do Design<\/a><\/div>\t\t\t\t\t\n\t\t\n\t\t\t\t\t\t<a class=\"fusion-link-wrapper\" href=\"https:\/\/doitarts.com\/fundamentos-do-design\/design-grafico-do-digital-ao-impacto-na-sociedade\/\" aria-label=\"Design Gr\u00e1fico: do digital ao impacto na sociedade\"><\/a>\n\t<\/div>\n<\/div>\n<\/div>\n<\/li>\n\t\t\t\n\t\t\t\n\t\t\t\t\t\t\t\t\t\t\t\t\t\t\t\t\t\t\t\t\t\t\t\t\t\t\t\t\t\t\t\t\t\t\t\t\t\t\t\t\t\t\t\t\t\t\t\t\t\t\t\t\t\t\t\t\t\t\t\t\t\t\t\t\t\t\t\t<\/ul>\n\t<\/div>\n\t<div class=\"fusion-post-content-wrapper\" style=\"padding:30px 25px 25px 25px;\"><div class=\"fusion-post-content post-content\"><h2 class=\"blog-shortcode-post-title entry-title\"><a href=\"https:\/\/doitarts.com\/fundamentos-do-design\/design-grafico-do-digital-ao-impacto-na-sociedade\/\">Design Gr\u00e1fico: do digital ao impacto na sociedade<\/a><\/h2><div class=\"fusion-post-content-container\"><p>A evolu\u00e7\u00e3o do design gr\u00e1fico da era pr\u00e9-hist\u00f3rica ao digital. Descubra sua hist\u00f3ria e impacto na sociedade moderna!<\/p><\/div><\/div><\/div><div class=\"fusion-clearfix\"><\/div><\/div>\n<\/article>\n<article id=\"blog-1-post-11823\" class=\"fusion-post-grid post-11823 post type-post status-publish format-standard has-post-thumbnail hentry category-blog category-fundamentos-do-design tag-design tag-processo-criativo tag-usabilidade\">\n<div class=\"fusion-post-wrapper\" style=\"background-color:rgba(255,255,255,0);border:1px solid #f2f3f5;border-bottom-width:3px;\">\n\n\t\t\t<div class=\"fusion-flexslider flexslider fusion-flexslider-loading fusion-post-slideshow\" style=\"border-color:#f2f3f5;\">\n\t\t<ul class=\"slides\">\n\t\t\t\n\t\t\t\t\t\t\t\t\t\t\t\t\t\t<li><div  class=\"fusion-image-wrapper\" aria-haspopup=\"true\">\n\t\t\t\t<img decoding=\"async\" width=\"900\" height=\"505\" src=\"https:\/\/doitarts.com\/wp-content\/uploads\/2024\/09\/doitarts-com-Design.webp\" class=\"attachment-full size-full wp-post-image\" alt=\"Design Ui Ux\" srcset=\"https:\/\/doitarts.com\/wp-content\/uploads\/2024\/09\/doitarts-com-Design-200x112.webp 200w, https:\/\/doitarts.com\/wp-content\/uploads\/2024\/09\/doitarts-com-Design-400x224.webp 400w, https:\/\/doitarts.com\/wp-content\/uploads\/2024\/09\/doitarts-com-Design-600x337.webp 600w, https:\/\/doitarts.com\/wp-content\/uploads\/2024\/09\/doitarts-com-Design-800x449.webp 800w, https:\/\/doitarts.com\/wp-content\/uploads\/2024\/09\/doitarts-com-Design.webp 900w\" sizes=\"(min-width: 2200px) 100vw, (min-width: 784px) 393px, (min-width: 712px) 590px, (min-width: 640px) 712px, \" \/><div class=\"fusion-rollover\">\n\t<div class=\"fusion-rollover-content\">\n\n\t\t\t\t\t\t\t\t\t\t\t\t\t\t<a class=\"fusion-rollover-link\" href=\"https:\/\/doitarts.com\/fundamentos-do-design\/o-que-e-design-um-conceito-muito-alem-da-estetica-visual\/\">O que \u00e9 Design? O conceito al\u00e9m da Est\u00e9tica Visual<\/a>\n\t\t\t\n\t\t\t\t\t\t\t\t\t\t\t\t\t\t\n\t\t\t\t\t\t\t\t\n\t\t\t\t\t\t\t\t\t\t\t\t\t<div class=\"fusion-rollover-sep\"><\/div>\n\t\t\t\t\n\t\t\t\t\t\t\t\t\t\t\t\t\t\t\t\t\t\t<a class=\"fusion-rollover-gallery\" href=\"https:\/\/doitarts.com\/wp-content\/uploads\/2024\/09\/doitarts-com-Design.webp\" data-options=\"\" data-id=\"11823\" data-rel=\"iLightbox[gallery]\" data-title=\"Design Ui Ux\" data-caption=\"\">\n\t\t\t\t\t\tGallery\t\t\t\t\t<\/a>\n\t\t\t\t\t\t\t\t\t\t\t\t\t\t\n\t\t\n\t\t\t\t\t\t\t\t\t\t\t\t<h4 class=\"fusion-rollover-title\">\n\t\t\t\t\t<a class=\"fusion-rollover-title-link\" href=\"https:\/\/doitarts.com\/fundamentos-do-design\/o-que-e-design-um-conceito-muito-alem-da-estetica-visual\/\">\n\t\t\t\t\t\tO que \u00e9 Design? O conceito al\u00e9m da Est\u00e9tica Visual\t\t\t\t\t<\/a>\n\t\t\t\t<\/h4>\n\t\t\t\n\t\t\t\t\t\t\t\t\t\t<div class=\"fusion-rollover-categories\"><a href=\"https:\/\/doitarts.com\/design\/blog\/\" rel=\"tag\">Blog<\/a>, <a href=\"https:\/\/doitarts.com\/design\/fundamentos-do-design\/\" rel=\"tag\">Fundamentos do Design<\/a><\/div>\t\t\t\t\t\n\t\t\n\t\t\t\t\t\t<a class=\"fusion-link-wrapper\" href=\"https:\/\/doitarts.com\/fundamentos-do-design\/o-que-e-design-um-conceito-muito-alem-da-estetica-visual\/\" aria-label=\"O que \u00e9 Design? O conceito al\u00e9m da Est\u00e9tica Visual\"><\/a>\n\t<\/div>\n<\/div>\n<\/div>\n<\/li>\n\t\t\t\n\t\t\t\n\t\t\t\t\t\t\t\t\t\t\t\t\t\t\t\t\t\t\t\t\t\t\t\t\t\t\t\t\t\t\t\t\t\t\t\t\t\t\t\t\t\t\t\t\t\t\t\t\t\t\t\t\t\t\t\t\t\t\t\t\t\t\t\t\t\t\t\t<\/ul>\n\t<\/div>\n\t<div class=\"fusion-post-content-wrapper\" style=\"padding:30px 25px 25px 25px;\"><div class=\"fusion-post-content post-content\"><h2 class=\"blog-shortcode-post-title entry-title\"><a href=\"https:\/\/doitarts.com\/fundamentos-do-design\/o-que-e-design-um-conceito-muito-alem-da-estetica-visual\/\">O que \u00e9 Design? O conceito al\u00e9m da Est\u00e9tica Visual<\/a><\/h2><div class=\"fusion-post-content-container\"><p>Design \u00e9 muito mais do que apenas criar algo bonito. [...]<\/p><\/div><\/div><\/div><div class=\"fusion-clearfix\"><\/div><\/div>\n<\/article>\n<article id=\"blog-1-post-3711\" class=\"fusion-post-grid post-3711 post type-post status-publish format-standard has-post-thumbnail hentry category-inspiracao category-pensamentos tag-grandes-designers tag-grandes-pensadores tag-inspiracoes\">\n<div class=\"fusion-post-wrapper\" style=\"background-color:rgba(255,255,255,0);border:1px solid #f2f3f5;border-bottom-width:3px;\">\n\n\t\t\t<div class=\"fusion-flexslider flexslider fusion-flexslider-loading fusion-post-slideshow\" style=\"border-color:#f2f3f5;\">\n\t\t<ul class=\"slides\">\n\t\t\t\n\t\t\t\t\t\t\t\t\t\t\t\t\t\t<li><div  class=\"fusion-image-wrapper\" aria-haspopup=\"true\">\n\t\t\t\t<img decoding=\"async\" width=\"900\" height=\"506\" src=\"https:\/\/doitarts.com\/wp-content\/uploads\/2018\/01\/Olavo-de-Carvalho-Large-scaled.jpg\" class=\"attachment-full size-full wp-post-image\" alt=\"Olavo de Carvalho - Modera\u00e7\u00e3o e Verdade\" srcset=\"https:\/\/doitarts.com\/wp-content\/uploads\/2018\/01\/Olavo-de-Carvalho-Large-scaled.jpg 900w, https:\/\/doitarts.com\/wp-content\/uploads\/2018\/01\/Olavo-de-Carvalho-Large-1200x675.jpg 1200w\" sizes=\"(min-width: 2200px) 100vw, (min-width: 784px) 393px, (min-width: 712px) 590px, (min-width: 640px) 712px, \" \/><div class=\"fusion-rollover\">\n\t<div class=\"fusion-rollover-content\">\n\n\t\t\t\t\t\t\t\t\t\t\t\t\t\t<a class=\"fusion-rollover-link\" href=\"https:\/\/doitarts.com\/inspiracao\/pensamentos\/olavo-de-carvalho-verdade-estetica\/\">Olavo de Carvalho Verdade, Est\u00e9tica e Esp\u00edrito Cr\u00edtico<\/a>\n\t\t\t\n\t\t\t\t\t\t\t\t\t\t\t\t\t\t\n\t\t\t\t\t\t\t\t\n\t\t\t\t\t\t\t\t\t\t\t\t\t<div class=\"fusion-rollover-sep\"><\/div>\n\t\t\t\t\n\t\t\t\t\t\t\t\t\t\t\t\t\t\t\t\t\t\t<a class=\"fusion-rollover-gallery\" href=\"https:\/\/doitarts.com\/wp-content\/uploads\/2018\/01\/Olavo-de-Carvalho-Large-scaled.jpg\" data-options=\"\" data-id=\"3711\" data-rel=\"iLightbox[gallery]\" data-title=\"Olavo de Carvalho - Modera\u00e7\u00e3o e Verdade\" data-caption=\"\">\n\t\t\t\t\t\tGallery\t\t\t\t\t<\/a>\n\t\t\t\t\t\t\t\t\t\t\t\t\t\t\n\t\t\n\t\t\t\t\t\t\t\t\t\t\t\t<h4 class=\"fusion-rollover-title\">\n\t\t\t\t\t<a class=\"fusion-rollover-title-link\" href=\"https:\/\/doitarts.com\/inspiracao\/pensamentos\/olavo-de-carvalho-verdade-estetica\/\">\n\t\t\t\t\t\tOlavo de Carvalho Verdade, Est\u00e9tica e Esp\u00edrito Cr\u00edtico\t\t\t\t\t<\/a>\n\t\t\t\t<\/h4>\n\t\t\t\n\t\t\t\t\t\t\t\t\t\t<div class=\"fusion-rollover-categories\"><a href=\"https:\/\/doitarts.com\/design\/inspiracao\/\" rel=\"tag\">Inspira\u00e7\u00e3o<\/a>, <a href=\"https:\/\/doitarts.com\/design\/inspiracao\/pensamentos\/\" rel=\"tag\">Pensamentos<\/a><\/div>\t\t\t\t\t\n\t\t\n\t\t\t\t\t\t<a class=\"fusion-link-wrapper\" href=\"https:\/\/doitarts.com\/inspiracao\/pensamentos\/olavo-de-carvalho-verdade-estetica\/\" aria-label=\"Olavo de Carvalho Verdade, Est\u00e9tica e Esp\u00edrito Cr\u00edtico\"><\/a>\n\t<\/div>\n<\/div>\n<\/div>\n<\/li>\n\t\t\t\n\t\t\t\n\t\t\t\t\t\t\t\t\t\t\t\t\t\t\t\t\t\t\t\t\t\t\t\t\t\t\t\t\t\t\t\t\t\t\t\t\t\t\t\t\t\t\t\t\t\t\t\t\t\t\t\t\t\t\t\t\t\t\t\t\t\t\t\t\t\t\t\t<\/ul>\n\t<\/div>\n\t<div class=\"fusion-post-content-wrapper\" style=\"padding:30px 25px 25px 25px;\"><div class=\"fusion-post-content post-content\"><h2 class=\"blog-shortcode-post-title entry-title\"><a href=\"https:\/\/doitarts.com\/inspiracao\/pensamentos\/olavo-de-carvalho-verdade-estetica\/\">Olavo de Carvalho Verdade, Est\u00e9tica e Esp\u00edrito Cr\u00edtico<\/a><\/h2><div class=\"fusion-post-content-container\"><p>\u201cO caos est\u00e9tico se prolonga num caos moral, caos \u00e9tico\u201d\r\nOlavo de Carvalho<\/p><\/div><\/div><\/div><div class=\"fusion-clearfix\"><\/div><\/div>\n<\/article>\n<article id=\"blog-1-post-11306\" class=\"fusion-post-grid post-11306 post type-post status-publish format-standard has-post-thumbnail hentry category-psicologia-e-teoria-do-design tag-design tag-estetica tag-funcao\">\n<div class=\"fusion-post-wrapper\" style=\"background-color:rgba(255,255,255,0);border:1px solid #f2f3f5;border-bottom-width:3px;\">\n\n\t\t\t<div class=\"fusion-flexslider flexslider fusion-flexslider-loading fusion-post-slideshow\" style=\"border-color:#f2f3f5;\">\n\t\t<ul class=\"slides\">\n\t\t\t\n\t\t\t\t\t\t\t\t\t\t\t\t\t\t<li><div  class=\"fusion-image-wrapper\" aria-haspopup=\"true\">\n\t\t\t\t<img decoding=\"async\" width=\"900\" height=\"506\" src=\"https:\/\/doitarts.com\/wp-content\/uploads\/2024\/03\/Design-Estetica-e-Funcao.jpg\" class=\"attachment-full size-full wp-post-image\" alt=\"Design Est\u00e9tica e Fun\u00e7\u00e3o\" srcset=\"https:\/\/doitarts.com\/wp-content\/uploads\/2024\/03\/Design-Estetica-e-Funcao-200x112.jpg 200w, https:\/\/doitarts.com\/wp-content\/uploads\/2024\/03\/Design-Estetica-e-Funcao-400x225.jpg 400w, https:\/\/doitarts.com\/wp-content\/uploads\/2024\/03\/Design-Estetica-e-Funcao-600x337.jpg 600w, https:\/\/doitarts.com\/wp-content\/uploads\/2024\/03\/Design-Estetica-e-Funcao-800x450.jpg 800w, https:\/\/doitarts.com\/wp-content\/uploads\/2024\/03\/Design-Estetica-e-Funcao.jpg 900w\" sizes=\"(min-width: 2200px) 100vw, (min-width: 784px) 393px, (min-width: 712px) 590px, (min-width: 640px) 712px, \" \/><div class=\"fusion-rollover\">\n\t<div class=\"fusion-rollover-content\">\n\n\t\t\t\t\t\t\t\t\t\t\t\t\t\t<a class=\"fusion-rollover-link\" href=\"https:\/\/doitarts.com\/psicologia-e-teoria-do-design\/design-estetica-funcao\/\">Design e Est\u00e9tica: Como o design utiliza a est\u00e9tica para criar fun\u00e7\u00e3o?<\/a>\n\t\t\t\n\t\t\t\t\t\t\t\t\t\t\t\t\t\t\n\t\t\t\t\t\t\t\t\n\t\t\t\t\t\t\t\t\t\t\t\t\t<div class=\"fusion-rollover-sep\"><\/div>\n\t\t\t\t\n\t\t\t\t\t\t\t\t\t\t\t\t\t\t\t\t\t\t<a class=\"fusion-rollover-gallery\" href=\"https:\/\/doitarts.com\/wp-content\/uploads\/2024\/03\/Design-Estetica-e-Funcao.jpg\" data-options=\"\" data-id=\"11306\" data-rel=\"iLightbox[gallery]\" data-title=\"Design Est\u00e9tica e Fun\u00e7\u00e3o\" data-caption=\"\">\n\t\t\t\t\t\tGallery\t\t\t\t\t<\/a>\n\t\t\t\t\t\t\t\t\t\t\t\t\t\t\n\t\t\n\t\t\t\t\t\t\t\t\t\t\t\t<h4 class=\"fusion-rollover-title\">\n\t\t\t\t\t<a class=\"fusion-rollover-title-link\" href=\"https:\/\/doitarts.com\/psicologia-e-teoria-do-design\/design-estetica-funcao\/\">\n\t\t\t\t\t\tDesign e Est\u00e9tica: Como o design utiliza a est\u00e9tica para criar fun\u00e7\u00e3o?\t\t\t\t\t<\/a>\n\t\t\t\t<\/h4>\n\t\t\t\n\t\t\t\t\t\t\t\t\t\t<div class=\"fusion-rollover-categories\"><a href=\"https:\/\/doitarts.com\/design\/psicologia-e-teoria-do-design\/\" rel=\"tag\">Psicologia e Teoria do Design<\/a><\/div>\t\t\t\t\t\n\t\t\n\t\t\t\t\t\t<a class=\"fusion-link-wrapper\" href=\"https:\/\/doitarts.com\/psicologia-e-teoria-do-design\/design-estetica-funcao\/\" aria-label=\"Design e Est\u00e9tica: Como o design utiliza a est\u00e9tica para criar fun\u00e7\u00e3o?\"><\/a>\n\t<\/div>\n<\/div>\n<\/div>\n<\/li>\n\t\t\t\n\t\t\t\n\t\t\t\t\t\t\t\t\t\t\t\t\t\t\t\t\t\t\t\t\t\t\t\t\t\t\t\t\t\t\t\t\t\t\t\t\t\t\t\t\t\t\t\t\t\t\t\t\t\t\t\t\t\t\t\t\t\t\t\t\t\t\t\t\t\t\t\t<\/ul>\n\t<\/div>\n\t<div class=\"fusion-post-content-wrapper\" style=\"padding:30px 25px 25px 25px;\"><div class=\"fusion-post-content post-content\"><h2 class=\"blog-shortcode-post-title entry-title\"><a href=\"https:\/\/doitarts.com\/psicologia-e-teoria-do-design\/design-estetica-funcao\/\">Design e Est\u00e9tica: Como o design utiliza a est\u00e9tica para criar fun\u00e7\u00e3o?<\/a><\/h2><div class=\"fusion-post-content-container\"><p>Neste artigo, exploraremos a rela\u00e7\u00e3o entre design, est\u00e9tica e fun\u00e7\u00e3o e como esses elementos se combinam para criar ambientes e produtos inovadores e atraentes. Veremos como o equil\u00edbrio entre a est\u00e9tica visual e a funcionalidade \u00e9 essencial para o sucesso do design.<\/p><\/div><\/div><\/div><div class=\"fusion-clearfix\"><\/div><\/div>\n<\/article>\n<article id=\"blog-1-post-10534\" class=\"fusion-post-grid post-10534 post type-post status-publish format-standard has-post-thumbnail hentry category-blog tag-design tag-estetica\">\n<div class=\"fusion-post-wrapper\" style=\"background-color:rgba(255,255,255,0);border:1px solid #f2f3f5;border-bottom-width:3px;\">\n\n\t\t\t<div class=\"fusion-flexslider flexslider fusion-flexslider-loading fusion-post-slideshow\" style=\"border-color:#f2f3f5;\">\n\t\t<ul class=\"slides\">\n\t\t\t\n\t\t\t\t\t\t\t\t\t\t\t\t\t\t<li><div  class=\"fusion-image-wrapper\" aria-haspopup=\"true\">\n\t\t\t\t<img decoding=\"async\" width=\"900\" height=\"506\" src=\"https:\/\/doitarts.com\/wp-content\/uploads\/2023\/05\/como-comecar-a-ter-um-design-mais-produtivo-e-profissional-scaled.jpg\" class=\"attachment-full size-full wp-post-image\" alt=\"Design - Tenha um design mais produtivo e profissional\" srcset=\"https:\/\/doitarts.com\/wp-content\/uploads\/2023\/05\/como-comecar-a-ter-um-design-mais-produtivo-e-profissional-200x113.jpg 200w, https:\/\/doitarts.com\/wp-content\/uploads\/2023\/05\/como-comecar-a-ter-um-design-mais-produtivo-e-profissional-400x225.jpg 400w, https:\/\/doitarts.com\/wp-content\/uploads\/2023\/05\/como-comecar-a-ter-um-design-mais-produtivo-e-profissional-600x338.jpg 600w, https:\/\/doitarts.com\/wp-content\/uploads\/2023\/05\/como-comecar-a-ter-um-design-mais-produtivo-e-profissional-800x450.jpg 800w, https:\/\/doitarts.com\/wp-content\/uploads\/2023\/05\/como-comecar-a-ter-um-design-mais-produtivo-e-profissional-scaled.jpg 900w\" sizes=\"(min-width: 2200px) 100vw, (min-width: 784px) 393px, (min-width: 712px) 590px, (min-width: 640px) 712px, \" \/><div class=\"fusion-rollover\">\n\t<div class=\"fusion-rollover-content\">\n\n\t\t\t\t\t\t\t\t\t\t\t\t\t\t<a class=\"fusion-rollover-link\" href=\"https:\/\/doitarts.com\/blog\/como-comecar-a-ter-um-design-mais-produtivo-e-profissional\/\">Design Profissional: Como come\u00e7ar a ter um design mais produtivo?<\/a>\n\t\t\t\n\t\t\t\t\t\t\t\t\t\t\t\t\t\t\n\t\t\t\t\t\t\t\t\n\t\t\t\t\t\t\t\t\t\t\t\t\t<div class=\"fusion-rollover-sep\"><\/div>\n\t\t\t\t\n\t\t\t\t\t\t\t\t\t\t\t\t\t\t\t\t\t\t<a class=\"fusion-rollover-gallery\" href=\"https:\/\/doitarts.com\/wp-content\/uploads\/2023\/05\/como-comecar-a-ter-um-design-mais-produtivo-e-profissional-scaled.jpg\" data-options=\"\" data-id=\"10534\" data-rel=\"iLightbox[gallery]\" data-title=\"Tenha um design mais produtivo e profissional\" data-caption=\"\">\n\t\t\t\t\t\tGallery\t\t\t\t\t<\/a>\n\t\t\t\t\t\t\t\t\t\t\t\t\t\t\n\t\t\n\t\t\t\t\t\t\t\t\t\t\t\t<h4 class=\"fusion-rollover-title\">\n\t\t\t\t\t<a class=\"fusion-rollover-title-link\" href=\"https:\/\/doitarts.com\/blog\/como-comecar-a-ter-um-design-mais-produtivo-e-profissional\/\">\n\t\t\t\t\t\tDesign Profissional: Como come\u00e7ar a ter um design mais produtivo?\t\t\t\t\t<\/a>\n\t\t\t\t<\/h4>\n\t\t\t\n\t\t\t\t\t\t\t\t\t\t<div class=\"fusion-rollover-categories\"><a href=\"https:\/\/doitarts.com\/design\/blog\/\" rel=\"tag\">Blog<\/a><\/div>\t\t\t\t\t\n\t\t\n\t\t\t\t\t\t<a class=\"fusion-link-wrapper\" href=\"https:\/\/doitarts.com\/blog\/como-comecar-a-ter-um-design-mais-produtivo-e-profissional\/\" aria-label=\"Design Profissional: Como come\u00e7ar a ter um design mais produtivo?\"><\/a>\n\t<\/div>\n<\/div>\n<\/div>\n<\/li>\n\t\t\t\n\t\t\t\n\t\t\t\t\t\t\t\t\t\t\t\t\t\t\t\t\t\t\t\t\t\t\t\t\t\t\t\t\t\t\t\t\t\t\t\t\t\t\t\t\t\t\t\t\t\t\t\t\t\t\t\t\t\t\t\t\t\t\t\t\t\t\t\t\t\t\t\t<\/ul>\n\t<\/div>\n\t<div class=\"fusion-post-content-wrapper\" style=\"padding:30px 25px 25px 25px;\"><div class=\"fusion-post-content post-content\"><h2 class=\"blog-shortcode-post-title entry-title\"><a href=\"https:\/\/doitarts.com\/blog\/como-comecar-a-ter-um-design-mais-produtivo-e-profissional\/\">Design Profissional: Como come\u00e7ar a ter um design mais produtivo?<\/a><\/h2><div class=\"fusion-post-content-container\"><p>Se voc\u00ea est\u00e1 come\u00e7ando sua jornada no design, pode se sentir um pouco perdido em rela\u00e7\u00e3o a como se tornar mais produtivo e profissional<\/p><\/div><\/div><\/div><div class=\"fusion-clearfix\"><\/div><\/div>\n<\/article>\n<article id=\"blog-1-post-10510\" class=\"fusion-post-grid post-10510 post type-post status-publish format-standard has-post-thumbnail hentry category-blog category-design-grafico-e-identidade-visual\">\n<div class=\"fusion-post-wrapper\" style=\"background-color:rgba(255,255,255,0);border:1px solid #f2f3f5;border-bottom-width:3px;\">\n\n\t\t\t<div class=\"fusion-flexslider flexslider fusion-flexslider-loading fusion-post-slideshow\" style=\"border-color:#f2f3f5;\">\n\t\t<ul class=\"slides\">\n\t\t\t\n\t\t\t\t\t\t\t\t\t\t\t\t\t\t<li><div  class=\"fusion-image-wrapper\" aria-haspopup=\"true\">\n\t\t\t\t<img decoding=\"async\" width=\"900\" height=\"506\" src=\"https:\/\/doitarts.com\/wp-content\/uploads\/2023\/03\/Quanto-um-designer-cobra-para-fazer-uma-marca-scaled.jpg\" class=\"attachment-full size-full wp-post-image\" alt=\"Quanto um designer cobra para fazer uma marca?\" srcset=\"https:\/\/doitarts.com\/wp-content\/uploads\/2023\/03\/Quanto-um-designer-cobra-para-fazer-uma-marca-200x113.jpg 200w, https:\/\/doitarts.com\/wp-content\/uploads\/2023\/03\/Quanto-um-designer-cobra-para-fazer-uma-marca-400x225.jpg 400w, https:\/\/doitarts.com\/wp-content\/uploads\/2023\/03\/Quanto-um-designer-cobra-para-fazer-uma-marca-600x338.jpg 600w, https:\/\/doitarts.com\/wp-content\/uploads\/2023\/03\/Quanto-um-designer-cobra-para-fazer-uma-marca-800x450.jpg 800w, https:\/\/doitarts.com\/wp-content\/uploads\/2023\/03\/Quanto-um-designer-cobra-para-fazer-uma-marca-scaled.jpg 900w\" sizes=\"(min-width: 2200px) 100vw, (min-width: 784px) 393px, (min-width: 712px) 590px, (min-width: 640px) 712px, \" \/><div class=\"fusion-rollover\">\n\t<div class=\"fusion-rollover-content\">\n\n\t\t\t\t\t\t\t\t\t\t\t\t\t\t<a class=\"fusion-rollover-link\" href=\"https:\/\/doitarts.com\/blog\/quanto-um-designer-cobra-para-fazer-uma-marca\/\">Quanto um designer cobra para fazer uma marca?<\/a>\n\t\t\t\n\t\t\t\t\t\t\t\t\t\t\t\t\t\t\n\t\t\t\t\t\t\t\t\n\t\t\t\t\t\t\t\t\t\t\t\t\t<div class=\"fusion-rollover-sep\"><\/div>\n\t\t\t\t\n\t\t\t\t\t\t\t\t\t\t\t\t\t\t\t\t\t\t<a class=\"fusion-rollover-gallery\" href=\"https:\/\/doitarts.com\/wp-content\/uploads\/2023\/03\/Quanto-um-designer-cobra-para-fazer-uma-marca-scaled.jpg\" data-options=\"\" data-id=\"10510\" data-rel=\"iLightbox[gallery]\" data-title=\"Quanto um designer cobra para fazer uma marca?\" data-caption=\"\">\n\t\t\t\t\t\tGallery\t\t\t\t\t<\/a>\n\t\t\t\t\t\t\t\t\t\t\t\t\t\t\n\t\t\n\t\t\t\t\t\t\t\t\t\t\t\t<h4 class=\"fusion-rollover-title\">\n\t\t\t\t\t<a class=\"fusion-rollover-title-link\" href=\"https:\/\/doitarts.com\/blog\/quanto-um-designer-cobra-para-fazer-uma-marca\/\">\n\t\t\t\t\t\tQuanto um designer cobra para fazer uma marca?\t\t\t\t\t<\/a>\n\t\t\t\t<\/h4>\n\t\t\t\n\t\t\t\t\t\t\t\t\t\t<div class=\"fusion-rollover-categories\"><a href=\"https:\/\/doitarts.com\/design\/blog\/\" rel=\"tag\">Blog<\/a>, <a href=\"https:\/\/doitarts.com\/design\/design-grafico-e-identidade-visual\/\" rel=\"tag\">Design Gr\u00e1fico e Identidade Visual<\/a><\/div>\t\t\t\t\t\n\t\t\n\t\t\t\t\t\t<a class=\"fusion-link-wrapper\" href=\"https:\/\/doitarts.com\/blog\/quanto-um-designer-cobra-para-fazer-uma-marca\/\" aria-label=\"Quanto um designer cobra para fazer uma marca?\"><\/a>\n\t<\/div>\n<\/div>\n<\/div>\n<\/li>\n\t\t\t\n\t\t\t\n\t\t\t\t\t\t\t\t\t\t\t\t\t\t\t\t\t\t\t\t\t\t\t\t\t\t\t\t\t\t\t\t\t\t\t\t\t\t\t\t\t\t\t\t\t\t\t\t\t\t\t\t\t\t\t\t\t\t\t\t\t\t\t\t\t\t\t\t<\/ul>\n\t<\/div>\n\t<div class=\"fusion-post-content-wrapper\" style=\"padding:30px 25px 25px 25px;\"><div class=\"fusion-post-content post-content\"><h2 class=\"blog-shortcode-post-title entry-title\"><a href=\"https:\/\/doitarts.com\/blog\/quanto-um-designer-cobra-para-fazer-uma-marca\/\">Quanto um designer cobra para fazer uma marca?<\/a><\/h2><div class=\"fusion-post-content-container\"><p>Antes de saber quanto um designer cobra para fazer uma marca, voc\u00ea precisa entender como o valor \u00e9 calculado, para isto vamos levar em considera\u00e7\u00e3o alguns requisitos.<\/p><\/div><\/div><\/div><div class=\"fusion-clearfix\"><\/div><\/div>\n<\/article>\n<article id=\"blog-1-post-9878\" class=\"fusion-post-grid post-9878 post type-post status-publish format-standard has-post-thumbnail hentry category-blog category-metodos-e-processos-de-design tag-briefing tag-design tag-projeto\">\n<div class=\"fusion-post-wrapper\" style=\"background-color:rgba(255,255,255,0);border:1px solid #f2f3f5;border-bottom-width:3px;\">\n\n\t\t\t<div class=\"fusion-flexslider flexslider fusion-flexslider-loading fusion-post-slideshow\" style=\"border-color:#f2f3f5;\">\n\t\t<ul class=\"slides\">\n\t\t\t\n\t\t\t\t\t\t\t\t\t\t\t\t\t\t<li><div  class=\"fusion-image-wrapper\" aria-haspopup=\"true\">\n\t\t\t\t<img decoding=\"async\" width=\"900\" height=\"506\" src=\"https:\/\/doitarts.com\/wp-content\/uploads\/2022\/07\/Briefing-de-design-na\u0303o-e\u0301-proposta-de-projeto-scaled.jpg\" class=\"attachment-full size-full wp-post-image\" alt=\"Briefing de design n\u00e3o \u00e9 proposta de projeto\" srcset=\"https:\/\/doitarts.com\/wp-content\/uploads\/2022\/07\/Briefing-de-design-na\u0303o-e\u0301-proposta-de-projeto-200x113.jpg 200w, https:\/\/doitarts.com\/wp-content\/uploads\/2022\/07\/Briefing-de-design-na\u0303o-e\u0301-proposta-de-projeto-400x225.jpg 400w, https:\/\/doitarts.com\/wp-content\/uploads\/2022\/07\/Briefing-de-design-na\u0303o-e\u0301-proposta-de-projeto-600x338.jpg 600w, https:\/\/doitarts.com\/wp-content\/uploads\/2022\/07\/Briefing-de-design-na\u0303o-e\u0301-proposta-de-projeto-800x450.jpg 800w, https:\/\/doitarts.com\/wp-content\/uploads\/2022\/07\/Briefing-de-design-na\u0303o-e\u0301-proposta-de-projeto-scaled.jpg 900w\" sizes=\"(min-width: 2200px) 100vw, (min-width: 784px) 393px, (min-width: 712px) 590px, (min-width: 640px) 712px, \" \/><div class=\"fusion-rollover\">\n\t<div class=\"fusion-rollover-content\">\n\n\t\t\t\t\t\t\t\t\t\t\t\t\t\t<a class=\"fusion-rollover-link\" href=\"https:\/\/doitarts.com\/blog\/briefing-de-design-nao-e-proposta-de-projeto\/\">Briefing de design n\u00e3o \u00e9 proposta de projeto<\/a>\n\t\t\t\n\t\t\t\t\t\t\t\t\t\t\t\t\t\t\n\t\t\t\t\t\t\t\t\n\t\t\t\t\t\t\t\t\t\t\t\t\t<div class=\"fusion-rollover-sep\"><\/div>\n\t\t\t\t\n\t\t\t\t\t\t\t\t\t\t\t\t\t\t\t\t\t\t<a class=\"fusion-rollover-gallery\" href=\"https:\/\/doitarts.com\/wp-content\/uploads\/2022\/07\/Briefing-de-design-na\u0303o-e\u0301-proposta-de-projeto-scaled.jpg\" data-options=\"\" data-id=\"9878\" data-rel=\"iLightbox[gallery]\" data-title=\"Briefing de design n\u00e3o \u00e9 proposta de projeto\" data-caption=\"\">\n\t\t\t\t\t\tGallery\t\t\t\t\t<\/a>\n\t\t\t\t\t\t\t\t\t\t\t\t\t\t\n\t\t\n\t\t\t\t\t\t\t\t\t\t\t\t<h4 class=\"fusion-rollover-title\">\n\t\t\t\t\t<a class=\"fusion-rollover-title-link\" href=\"https:\/\/doitarts.com\/blog\/briefing-de-design-nao-e-proposta-de-projeto\/\">\n\t\t\t\t\t\tBriefing de design n\u00e3o \u00e9 proposta de projeto\t\t\t\t\t<\/a>\n\t\t\t\t<\/h4>\n\t\t\t\n\t\t\t\t\t\t\t\t\t\t<div class=\"fusion-rollover-categories\"><a href=\"https:\/\/doitarts.com\/design\/blog\/\" rel=\"tag\">Blog<\/a>, <a href=\"https:\/\/doitarts.com\/design\/metodos-e-processos-de-design\/\" rel=\"tag\">M\u00e9todos e Processos de Design<\/a><\/div>\t\t\t\t\t\n\t\t\n\t\t\t\t\t\t<a class=\"fusion-link-wrapper\" href=\"https:\/\/doitarts.com\/blog\/briefing-de-design-nao-e-proposta-de-projeto\/\" aria-label=\"Briefing de design n\u00e3o \u00e9 proposta de projeto\"><\/a>\n\t<\/div>\n<\/div>\n<\/div>\n<\/li>\n\t\t\t\n\t\t\t\n\t\t\t\t\t\t\t\t\t\t\t\t\t\t\t\t\t\t\t\t\t\t\t\t\t\t\t\t\t\t\t\t\t\t\t\t\t\t\t\t\t\t\t\t\t\t\t\t\t\t\t\t\t\t\t\t\t\t\t\t\t\t\t\t\t\t\t\t<\/ul>\n\t<\/div>\n\t<div class=\"fusion-post-content-wrapper\" style=\"padding:30px 25px 25px 25px;\"><div class=\"fusion-post-content post-content\"><h2 class=\"blog-shortcode-post-title entry-title\"><a href=\"https:\/\/doitarts.com\/blog\/briefing-de-design-nao-e-proposta-de-projeto\/\">Briefing de design n\u00e3o \u00e9 proposta de projeto<\/a><\/h2><div class=\"fusion-post-content-container\"><p>Voc\u00ea quer trabalhar com design e precisa fazer um briefing? [...]<\/p><\/div><\/div><\/div><div class=\"fusion-clearfix\"><\/div><\/div>\n<\/article>\n<article id=\"blog-1-post-9815\" class=\"fusion-post-grid post-9815 post type-post status-publish format-standard has-post-thumbnail hentry category-blog tag-narrativa-visual tag-storytelling\">\n<div class=\"fusion-post-wrapper\" style=\"background-color:rgba(255,255,255,0);border:1px solid #f2f3f5;border-bottom-width:3px;\">\n\n\t\t\t<div class=\"fusion-flexslider flexslider fusion-flexslider-loading fusion-post-slideshow\" style=\"border-color:#f2f3f5;\">\n\t\t<ul class=\"slides\">\n\t\t\t\n\t\t\t\t\t\t\t\t\t\t\t\t\t\t<li><div  class=\"fusion-image-wrapper\" aria-haspopup=\"true\">\n\t\t\t\t<img decoding=\"async\" width=\"900\" height=\"506\" src=\"https:\/\/doitarts.com\/wp-content\/uploads\/2022\/07\/websitedoitarts-scaled.jpg\" class=\"attachment-full size-full wp-post-image\" alt=\"Narrativa visual\" srcset=\"https:\/\/doitarts.com\/wp-content\/uploads\/2022\/07\/websitedoitarts-200x113.jpg 200w, https:\/\/doitarts.com\/wp-content\/uploads\/2022\/07\/websitedoitarts-400x225.jpg 400w, https:\/\/doitarts.com\/wp-content\/uploads\/2022\/07\/websitedoitarts-600x338.jpg 600w, https:\/\/doitarts.com\/wp-content\/uploads\/2022\/07\/websitedoitarts-800x450.jpg 800w, https:\/\/doitarts.com\/wp-content\/uploads\/2022\/07\/websitedoitarts-scaled.jpg 900w\" sizes=\"(min-width: 2200px) 100vw, (min-width: 784px) 393px, (min-width: 712px) 590px, (min-width: 640px) 712px, \" \/><div class=\"fusion-rollover\">\n\t<div class=\"fusion-rollover-content\">\n\n\t\t\t\t\t\t\t\t\t\t\t\t\t\t<a class=\"fusion-rollover-link\" href=\"https:\/\/doitarts.com\/blog\/narrativa-visual-design-como-storytelling\/\">Narrativa visual: Design como storytelling<\/a>\n\t\t\t\n\t\t\t\t\t\t\t\t\t\t\t\t\t\t\n\t\t\t\t\t\t\t\t\n\t\t\t\t\t\t\t\t\t\t\t\t\t<div class=\"fusion-rollover-sep\"><\/div>\n\t\t\t\t\n\t\t\t\t\t\t\t\t\t\t\t\t\t\t\t\t\t\t<a class=\"fusion-rollover-gallery\" href=\"https:\/\/doitarts.com\/wp-content\/uploads\/2022\/07\/websitedoitarts-scaled.jpg\" data-options=\"\" data-id=\"9815\" data-rel=\"iLightbox[gallery]\" data-title=\"Narrativa visual\" data-caption=\"\">\n\t\t\t\t\t\tGallery\t\t\t\t\t<\/a>\n\t\t\t\t\t\t\t\t\t\t\t\t\t\t\n\t\t\n\t\t\t\t\t\t\t\t\t\t\t\t<h4 class=\"fusion-rollover-title\">\n\t\t\t\t\t<a class=\"fusion-rollover-title-link\" href=\"https:\/\/doitarts.com\/blog\/narrativa-visual-design-como-storytelling\/\">\n\t\t\t\t\t\tNarrativa visual: Design como storytelling\t\t\t\t\t<\/a>\n\t\t\t\t<\/h4>\n\t\t\t\n\t\t\t\t\t\t\t\t\t\t<div class=\"fusion-rollover-categories\"><a href=\"https:\/\/doitarts.com\/design\/blog\/\" rel=\"tag\">Blog<\/a><\/div>\t\t\t\t\t\n\t\t\n\t\t\t\t\t\t<a class=\"fusion-link-wrapper\" href=\"https:\/\/doitarts.com\/blog\/narrativa-visual-design-como-storytelling\/\" aria-label=\"Narrativa visual: Design como storytelling\"><\/a>\n\t<\/div>\n<\/div>\n<\/div>\n<\/li>\n\t\t\t\n\t\t\t\n\t\t\t\t\t\t\t\t\t\t\t\t\t\t\t\t\t\t\t\t\t\t\t\t\t\t\t\t\t\t\t\t\t\t\t\t\t\t\t\t\t\t\t\t\t\t\t\t\t\t\t\t\t\t\t\t\t\t\t\t\t\t\t\t\t\t\t\t<\/ul>\n\t<\/div>\n\t<div class=\"fusion-post-content-wrapper\" style=\"padding:30px 25px 25px 25px;\"><div class=\"fusion-post-content post-content\"><h2 class=\"blog-shortcode-post-title entry-title\"><a href=\"https:\/\/doitarts.com\/blog\/narrativa-visual-design-como-storytelling\/\">Narrativa visual: Design como storytelling<\/a><\/h2><div class=\"fusion-post-content-container\"><p>Voc\u00ea\u00a0 j\u00e1\u00a0 ouviu falar em\u00a0 Narrativa visual: Design como storytelling?\u00a0 [...]<\/p><\/div><\/div><\/div><div class=\"fusion-clearfix\"><\/div><\/div>\n<\/article>\n<div class=\"fusion-clearfix\"><\/div><\/div><div class=\"pagination clearfix\"><span class=\"current\">1<\/span><a href=\"https:\/\/doitarts.com\/wp-json\/wp\/v2\/pages\/9458\/page\/2\/\" class=\"inactive\">2<\/a><a class=\"pagination-next\" rel=\"next\" href=\"https:\/\/doitarts.com\/wp-json\/wp\/v2\/pages\/9458\/page\/2\/\"><span class=\"page-text\">Next<\/span><span class=\"page-next\"><\/span><\/a><\/div><div class=\"fusion-clearfix\"><\/div><\/div><\/div><\/div><div class=\"fusion-layout-column fusion_builder_column fusion-builder-column-2 fusion_builder_column_1_4 1_4 fusion-flex-column\" style=\"--awb-bg-size:cover;--awb-width-large:25%;--awb-margin-top-large:0px;--awb-spacing-right-large:7.68%;--awb-margin-bottom-large:20px;--awb-spacing-left-large:7.68%;--awb-width-medium:25%;--awb-order-medium:0;--awb-spacing-right-medium:7.68%;--awb-spacing-left-medium:7.68%;--awb-width-small:100%;--awb-order-small:0;--awb-spacing-right-small:1.92%;--awb-spacing-left-small:1.92%;\"><div class=\"fusion-column-wrapper fusion-column-has-shadow fusion-flex-justify-content-flex-start fusion-content-layout-column\"><script async src=\"https:\/\/pagead2.googlesyndication.com\/pagead\/js\/adsbygoogle.js?client=ca-pub-1109019141183944\"\n     crossorigin=\"anonymous\"><\/script>\n<!-- Geral Quadrado Do -->\n<ins class=\"adsbygoogle\"\n     style=\"display:block\"\n     data-ad-client=\"ca-pub-1109019141183944\"\n     data-ad-slot=\"2730015986\"\n     data-ad-format=\"auto\"\n     data-full-width-responsive=\"true\"><\/ins>\n<script>\n     (adsbygoogle = window.adsbygoogle || []).push({});\n<\/script><div class=\"fusion-widget fusion-widget-element fusion-widget-area fusion-content-widget-area wpWidget-1 wp_widget_recent_posts\" style=\"--awb-fusion-border-size:0px;--awb-fusion-border-style:solid;\">\n\t\t<div class=\"widget widget_recent_entries\">\n\t\t<div class=\"heading\"><h4 class=\"widget-title\">Mais Recentes<\/h4><\/div>\n\t\t<ul>\n\t\t\t\t\t\t\t\t\t\t\t<li>\n\t\t\t\t\t<a href=\"https:\/\/doitarts.com\/fundamentos-do-design\/o-impacto-das-cores-no-design\/\">O Impacto das Cores no Design: Como as Cores Influenciam<\/a>\n\t\t\t\t\t\t\t\t\t<\/li>\n\t\t\t\t\t\t\t\t\t\t\t<li>\n\t\t\t\t\t<a href=\"https:\/\/doitarts.com\/fundamentos-do-design\/design-grafico-do-digital-ao-impacto-na-sociedade\/\">Design Gr\u00e1fico: do digital ao impacto na sociedade<\/a>\n\t\t\t\t\t\t\t\t\t<\/li>\n\t\t\t\t\t\t\t\t\t\t\t<li>\n\t\t\t\t\t<a href=\"https:\/\/doitarts.com\/fundamentos-do-design\/o-que-e-design-um-conceito-muito-alem-da-estetica-visual\/\">O que \u00e9 Design? O conceito al\u00e9m da Est\u00e9tica Visual<\/a>\n\t\t\t\t\t\t\t\t\t<\/li>\n\t\t\t\t\t\t\t\t\t\t\t<li>\n\t\t\t\t\t<a href=\"https:\/\/doitarts.com\/inspiracao\/pensamentos\/olavo-de-carvalho-verdade-estetica\/\">Olavo de Carvalho Verdade, Est\u00e9tica e Esp\u00edrito Cr\u00edtico<\/a>\n\t\t\t\t\t\t\t\t\t<\/li>\n\t\t\t\t\t\t\t\t\t\t\t<li>\n\t\t\t\t\t<a href=\"https:\/\/doitarts.com\/psicologia-e-teoria-do-design\/design-estetica-funcao\/\">Design e Est\u00e9tica: Como o design utiliza a est\u00e9tica para criar fun\u00e7\u00e3o?<\/a>\n\t\t\t\t\t\t\t\t\t<\/li>\n\t\t\t\t\t\t\t\t\t\t\t<li>\n\t\t\t\t\t<a href=\"https:\/\/doitarts.com\/blog\/como-comecar-a-ter-um-design-mais-produtivo-e-profissional\/\">Design Profissional: Como come\u00e7ar a ter um design mais produtivo?<\/a>\n\t\t\t\t\t\t\t\t\t<\/li>\n\t\t\t\t\t\t\t\t\t\t\t<li>\n\t\t\t\t\t<a href=\"https:\/\/doitarts.com\/blog\/quanto-um-designer-cobra-para-fazer-uma-marca\/\">Quanto um designer cobra para fazer uma marca?<\/a>\n\t\t\t\t\t\t\t\t\t<\/li>\n\t\t\t\t\t<\/ul>\n\n\t\t<\/div><\/div><\/div><\/div><\/div><\/div><\/p>\n","protected":false},"excerpt":{"rendered":"","protected":false},"author":1,"featured_media":9454,"parent":0,"menu_order":0,"comment_status":"closed","ping_status":"closed","template":"","meta":{"footnotes":""},"class_list":["post-9458","page","type-page","status-publish","has-post-thumbnail","hentry"],"_hostinger_reach_plugin_has_subscription_block":false,"_hostinger_reach_plugin_is_elementor":false,"_links":{"self":[{"href":"https:\/\/doitarts.com\/wp-json\/wp\/v2\/pages\/9458","targetHints":{"allow":["GET"]}}],"collection":[{"href":"https:\/\/doitarts.com\/wp-json\/wp\/v2\/pages"}],"about":[{"href":"https:\/\/doitarts.com\/wp-json\/wp\/v2\/types\/page"}],"author":[{"embeddable":true,"href":"https:\/\/doitarts.com\/wp-json\/wp\/v2\/users\/1"}],"replies":[{"embeddable":true,"href":"https:\/\/doitarts.com\/wp-json\/wp\/v2\/comments?post=9458"}],"version-history":[{"count":0,"href":"https:\/\/doitarts.com\/wp-json\/wp\/v2\/pages\/9458\/revisions"}],"wp:featuredmedia":[{"embeddable":true,"href":"https:\/\/doitarts.com\/wp-json\/wp\/v2\/media\/9454"}],"wp:attachment":[{"href":"https:\/\/doitarts.com\/wp-json\/wp\/v2\/media?parent=9458"}],"curies":[{"name":"wp","href":"https:\/\/api.w.org\/{rel}","templated":true}]}}